{"id":830,"date":"2018-02-05T10:30:40","date_gmt":"2018-02-05T09:30:40","guid":{"rendered":"https:\/\/www.adelaneumannova.cz\/?page_id=830"},"modified":"2018-02-05T10:42:55","modified_gmt":"2018-02-05T09:42:55","slug":"psali-o-nas","status":"publish","type":"page","link":"https:\/\/www.adelaneumannova.cz\/index.php\/psali-o-nas\/","title":{"rendered":"Psali o n\u00e1s"},"content":{"rendered":"<h1>Ad\u00e9lu Neumannovou a Babylona te\u010f \u010dek\u00e1 mistrovstv\u00ed sv\u011bta mlad\u00fdch kon\u00ed ve Verdenu<\/h1>\n<p class=\"perex\">Z\u00e1jezd \u2013 Pro drezurn\u00ed jezdkyni Ad\u00e9lu Neumannovou, kter\u00e1 reprezentuje Jezdeck\u00e9 centrum Z\u00e1jezd, je leto\u0161n\u00ed sezona velmi \u00fasp\u011b\u0161n\u00e1. S\u00a0kon\u011bm Edie 1\u00a0se na mistrovstv\u00ed republiky um\u00edstila p\u00e1t\u00e1 a s\u00a0holandsk\u00fdm teplokrevn\u00edkem Babylonem bude v\u00a0srpnu reprezentovat \u010ceskou republiku na Mistrovstv\u00ed sv\u011bta mlad\u00fdch kon\u00ed ve Verdenu, kam se spole\u010dn\u011b kvalifikovali jako jedin\u00ed z\u00a0republiky v\u00a0kategorii \u0161estilet\u00fdch\u00a0kon\u00ed.<\/p>\n<div class=\"dv3-clanek-img-box dv3-relative-box\"><a href=\"https:\/\/kladensky.denik.cz\/galerie\/foto.html?mm=neumannova-net&amp;back=1144888661-894-20&amp;photo=1\"><img loading=\"lazy\" decoding=\"async\" class=\"dv3-force-block\" title=\"Ad\u00e9la Neumannov\u00e1 a Edie 1\" src=\"https:\/\/g.denik.cz\/20\/da\/neumannova-net_denik-630.jpg\" alt=\"Ad\u00e9la Neumannov\u00e1 a Edie 1\" width=\"617\" height=\"630\" \/><span class=\"dv4-img-hover\"><img decoding=\"async\" src=\"https:\/\/g.denik.cz\/images\/dv4\/lupa-plus.png\" alt=\"lupa-plus\" \/><\/span><\/a><\/div>\n<p class=\"dv4-clanek-img-popis\">Ad\u00e9la Neumannov\u00e1 a Edie 1Foto:\u00a0Josef Malinovsk\u00fd<\/p>\n<div class=\"dv4-clanek-text bbtext\">\n<p><strong>Nejste trochu zklaman\u00e1, kdy\u017e loni jste byli na mistrovstv\u00ed republiky s\u00a0Ediem st\u0159\u00edbrn\u00ed?<\/strong><br \/>\nTak to ani n\u00e1hodou. Naopak leto\u0161n\u00ed um\u00edst\u011bn\u00ed pova\u017euji ve sv\u00e9 podstat\u011b za cenn\u011bj\u0161\u00ed ne\u017e lo\u0148sk\u00e9, kdy na M\u010cR chyb\u011bli ti nejp\u0159edn\u011bj\u0161\u00ed drezurn\u00ed jezdci, jako Fabrizio Sigismondi a \u0160\u00e1rka Charv\u00e1tov\u00e1. Z\u00e1vodili velice zku\u0161en\u00ed a hlavn\u011b velice kvalitn\u00ed drezurn\u00ed kon\u011b z\u00a0N\u011bmecka. V\u00a0p\u0159\u00edpad\u011b \u0160\u00e1rky Charv\u00e1tov\u00e9 nap\u0159\u00edklad holandsk\u00fd ryz\u00e1k Sant Tropez po Welt Hit II (podobn\u011b jako m\u016fj Babylon, kdy jeho matka je po stejn\u00e9m h\u0159ebci Welt hit II). V\u0161echny tito kon\u011b, krom\u011b Sant Tropez, Edie dok\u00e1zal porazit, a to nemohu opomenout ani vynikaj\u00edc\u00edho Rapsterna Martiny Opo\u010densk\u00e9 a dal\u0161\u00ed skv\u011bl\u00e9 kon\u011b, kte\u0159\u00ed v\u00a0sezon\u011b 2011\u00a0nebyli na startovn\u00ed listin\u011b M\u010cR. Tak\u017ee jsem na leto\u0161n\u00ed Edik\u016fv v\u00fdkon velice hrd\u00e1, moc si ho v\u00e1\u017e\u00edm a hlavn\u011b jsem i\u00a0s\u00a0t\u00edmto um\u00edst\u011bn\u00edm po\u010d\u00edtala. Je to drezura, netvrd\u00edm, \u017ee po\u0159ad\u00ed odpov\u00eddalo v\u00fdkon\u016fm, ale to u\u017e je sport .<\/p>\n<p><strong>Co rozhodlo o\u00a0va\u0161em um\u00edst\u011bn\u00ed, popsala byste Edieho siln\u00e9 a slab\u00e9 str\u00e1nky?<\/strong><br \/>\nRozhodl mo\u017en\u00e1 osud, mo\u017en\u00e1 zaujet\u00ed jednotliv\u00fdch rozhod\u010d\u00edch a tak\u00e9 ur\u010dit\u011b moment\u00e1ln\u00ed p\u0159edveden\u00ed \u00falohy. Rozhodn\u011b nejlep\u0161\u00ed byla \u00faloha v\u00a0p\u00e1tek i\u00a0kdy\u017e malinko chyb\u011blo dokonal\u00e9 nap\u0159\u00edmen\u00ed, Edie byl a\u017e moc uvoln\u011bn\u00fd a n\u011bkdy nebyl nejvy\u0161\u0161\u00edm bodem jeho t\u00fdl. V\u00a0sobotu \u0161el v\u00a0super nap\u0159\u00edmen\u00ed, ale \u0161patn\u00fd bahnit\u00fd ter\u00e9n a d\u00e9\u0161\u0165 ovlivnil kvalitu Edieho s\u00e9rie p\u0159eskok\u016f po dvou, jinak super piruety po oba dny. V\u00a0ned\u011bli u\u017e byl Edik trochu unaven\u00fd, a tak p\u0159e\u0161el sice cel\u00fd kur (volnou sestavu na hudbu)bez probl\u00e9m\u016f, ale nevzal mi posledn\u00ed v\u00a0po\u010dtu t\u0159et\u00ed piruetu tak jak bych si p\u0159\u00e1la a obecn\u011b se p\u0159\u00edli\u0161 rozhod\u010d\u00edm nel\u00edbila moje hudba.<\/p>\n<p><strong>Jakou nejvy\u0161\u0161\u00ed zn\u00e1mku jste od rozhod\u010d\u00edch obdr\u017eela a za co to bylo? A\u00a0jak\u00fd m\u00e1 Edie zat\u00edm rekord v\u00a0procentech?<\/strong><br \/>\nObecn\u011b za celou mou kari\u00e9ru s\u00a0Ediem jsme ji\u017e n\u011bkolikr\u00e1t dostali dev\u00edtku za zastaven\u00ed, nyn\u00ed na M\u010cR to byla osmi\u010dka v\u011bt\u0161inou za st\u0159edn\u00ed nebo prodlou\u017een\u00fd klus a nebo za prodlou\u017een\u00fd cval. Edie rozhodn\u011b vynik\u00e1 ve cvalov\u00e9 pas\u00e1\u017ei v\u00a0\u00faloze, a to v\u011bt\u0161inou ve cvalov\u00fdch piruet\u00e1ch. N\u00e1\u0161 dosavadn\u00ed procentu\u00e1ln\u00ed rekord je 71\u00a0procent na z\u00e1vodech ve Vondrov\u011b, jinak se na\u0161e v\u00fdkony pohybuj\u00ed kolem 65\u00a0procent, co\u017e je na na\u0161e pom\u011bry a i\u00a0pom\u011bry mezin\u00e1rodn\u00ed dosta\u010duj\u00edc\u00ed, sp\u00ed\u0161 lep\u0161\u00ed \u00farove\u0148.<\/p>\n<p><strong>Na jak\u00fdch z\u00e1vodech je\u0161t\u011b pl\u00e1nujete startovat?<\/strong><br \/>\nBabylon u\u017e absolvuje jen Verden, fin\u00e1le Krit\u00e9ri\u00ed mlad\u00fdch kon\u00ed ve Zduchovic\u00edch a FEI test v\u00a0Hradi\u0161tku, Edie nap\u0159\u00edklad nap\u0159\u00edklad fin\u00e1le \u010cesk\u00e9ho drezurn\u00edho poh\u00e1ru a n\u011bkolik dal\u0161\u00edch z\u00e1vod\u016f.<\/p>\n<p><strong>Jak dlouho trv\u00e1 v\u00fdcvik kon\u011b a\u017e na \u00farove\u0148 T (t\u011b\u017ek\u00e1), na n\u00ed\u017e se jezd\u00ed mistrovstv\u00ed republiky?<\/strong><br \/>\nEdieho m\u00e1m od jeho t\u0159ech a p\u016fl let a ne\u0159\u00edk\u00e1m, \u017ee to bylo v\u017edy jednoduch\u00e9. Do \u00farovn\u011b T se\u00a0 dostal ji\u017e ve sv\u00fdch osmi letech, tak\u017ee by se dalo \u0159\u00edct, \u017ee p\u0159\u00edprava trv\u00e1 \u010dty\u0159i roky. Babylon ji\u017e nyn\u00ed v\u00a0\u0161esti letech dok\u00e1\u017ee s\u00e9rie p\u0159eskok\u016f po t\u0159ech a pracovn\u00ed piruety.\u00a0 Mysl\u00edm si, \u017ee by za\u0161el T i\u00a0v\u00a0sedmi letech, ale to nechci, jen chci pouk\u00e1zat na to, \u017ee by to teoreticky bylo mo\u017en\u00e9 i\u00a0takto brzo. V\u00a0cizin\u011b sedmilet\u00ed kon\u011b ji\u017e absolvuj\u00ed minim\u00e1ln\u011b \u00farove\u0148 ST (st\u0159edn\u011b t\u011b\u017ek\u00fd).<\/p>\n<p><strong>Kdy se chyst\u00e1te \u00fa\u010dastnit sout\u011b\u017e\u00ed nejvy\u0161\u0161\u00ed \u00farovn\u011b, tedy TT?<\/strong><br \/>\nMinul\u00fd rok ji\u017e Edie absolvoval dv\u011b \u00falohy Grand Prix (\u00farove\u0148\u00a0 TT) za 57\u00a0a 58\u00a0procent, co\u017e nen\u00ed \u00fapln\u011b \u0161patn\u00e9. Nem\u011bla jsem z\u00a0n\u011bj rozhodn\u011b pocit, \u017ee by ho to n\u011bjak rozhodilo nebo stresovalo. Ba naopak to pro n\u011bj byla p\u0159\u00edjemn\u00e1 zm\u011bna. Na konci sezony si zase n\u011bjak\u00e9 to Grand Prix zajedeme .<\/p>\n<p><strong>V\u00e1\u0161 druh\u00fd talentovan\u00fd k\u016f\u0148 Babylon v\u00a0minul\u00e9 sezon\u011b obsazoval pouze prvn\u00ed m\u00edsta a ani letos se nestalo, \u017ee by nebyl dekorovan\u00fd (tedy byl v\u017edy do p\u00e1t\u00e9ho m\u00edsta). Jak\u00e9 m\u00e1te vysn\u011bn\u00e9 c\u00edle?<\/strong><br \/>\nTak rozhodn\u011b se n\u00e1m splnil sen a to, \u017ee se z\u00fa\u010dastn\u00edme MS mlad\u00fdch kon\u00ed ve Verdenu. Do budoucna bych r\u00e1da s\u00a0Babylonem startovala na mezin\u00e1rodn\u00ed \u00farovni minim\u00e1ln\u011b v\u00a0\u00farovni T, a to alespo\u0148 kolem 70\u00a0procent. I\u00a0p\u0159es Babylonovu talentovanost mus\u00edm podotknout, \u017ee je to jeden z\u00a0nejkomplikovan\u011bj\u0161\u00edch kon\u00ed co jsem kdy jezdila. \u017d\u00e1dn\u00e1 sranda, ale ka\u017ed\u00fd g\u00e9nius je asi trochu zvl\u00e1\u0161tn\u00ed.<\/p>\n<p><em>Ad\u00e9la Neumannov\u00e1 se narodila v\u00a0Praze, kde sice bydl\u00ed,\u00a0 ale v\u011bt\u0161inu \u010dasu tr\u00e1v\u00ed v\u00a0Jezdeck\u00e9m centru Z\u00e1jezd a okoln\u00edch st\u00e1j\u00edch. Je svobodn\u00e1, m\u00e1 dceru Ani\u010dku, kter\u00e9 budou v\u00a0lednu t\u0159i roky. Vystudovala maturitn\u00ed obor \u00fa\u010detnictv\u00ed. Kdy poprv\u00e9 sed\u011bla na koni si nepamatuje, jezd\u00ed \u00fapln\u011b od mali\u010dka. Pracovala jako \u00fa\u010detn\u00ed v\u00a0kancel\u00e1\u0159i, ale proto\u017ee to ve spojen\u00ed s\u00a0ko\u0148mi nefungovalo, u\u017e sedm let se v\u011bnuje je\u017ed\u011bn\u00ed a tr\u00e9nov\u00e1n\u00ed na pln\u00fd \u00favazek. Bav\u00ed ji pohled na kon\u011b z\u00a0p\u0159irozen\u00e9 str\u00e1nky, tanec, zp\u011bv, d\u011bti, psi, ko\u010dky.\u00a0 Samoz\u0159ejm\u011b se v\u011bnuje rodin\u011b a osmilete\u00e9dce\u0159i Ann\u011b.<span id=\"copylink\"><br \/>\nZdroj: https:\/\/kladensky.denik.cz\/zpravy_region\/adelu-neumannovou-a-babylona-ted-ceka-mistrovstvi-sveta-mladych-koni-ve-verdenu.html<\/span><\/em><\/p>\n<\/div>\n","protected":false},"excerpt":{"rendered":"<p>Ad\u00e9lu Neumannovou a Babylona te\u010f \u010dek\u00e1 mistrovstv\u00ed sv\u011bta mlad\u00fdch kon\u00ed ve Verdenu Z\u00e1jezd \u2013 Pro drezurn\u00ed jezdkyni Ad\u00e9lu Neumannovou, kter\u00e1 reprezentuje Jezdeck\u00e9 centrum Z\u00e1jezd, je leto\u0161n\u00ed sezona velmi \u00fasp\u011b\u0161n\u00e1. S\u00a0kon\u011bm Edie 1\u00a0se na mistrovstv\u00ed republiky um\u00edstila p\u00e1t\u00e1 a s\u00a0holandsk\u00fdm teplokrevn\u00edkem Babylonem bude v\u00a0srpnu reprezentovat \u010ceskou republiku na Mistrovstv\u00ed sv\u011bta mlad\u00fdch kon\u00ed ve Verdenu, kam se [&hellip;]<\/p>\n","protected":false},"author":1,"featured_media":0,"parent":0,"menu_order":0,"comment_status":"closed","ping_status":"closed","template":"","meta":{"_et_pb_use_builder":"","_et_pb_old_content":"","_et_gb_content_width":"","footnotes":""},"class_list":["post-830","page","type-page","status-publish","hentry"],"yoast_head":"<!-- This site is optimized with the Yoast SEO plugin v27.4 - https:\/\/yoast.com\/product\/yoast-seo-wordpress\/ -->\n<title>Psali o n\u00e1s - Ad\u00e9la Neumannov\u00e1<\/title>\n<meta name=\"robots\" content=\"index, follow, max-snippet:-1, max-image-preview:large, max-video-preview:-1\" \/>\n<link rel=\"canonical\" href=\"https:\/\/www.adelaneumannova.cz\/index.php\/psali-o-nas\/\" \/>\n<meta property=\"og:locale\" content=\"cs_CZ\" \/>\n<meta property=\"og:type\" content=\"article\" \/>\n<meta property=\"og:title\" content=\"Psali o n\u00e1s - Ad\u00e9la Neumannov\u00e1\" \/>\n<meta property=\"og:description\" content=\"Ad\u00e9lu Neumannovou a Babylona te\u010f \u010dek\u00e1 mistrovstv\u00ed sv\u011bta mlad\u00fdch kon\u00ed ve Verdenu Z\u00e1jezd \u2013 Pro drezurn\u00ed jezdkyni Ad\u00e9lu Neumannovou, kter\u00e1 reprezentuje Jezdeck\u00e9 centrum Z\u00e1jezd, je leto\u0161n\u00ed sezona velmi \u00fasp\u011b\u0161n\u00e1. S\u00a0kon\u011bm Edie 1\u00a0se na mistrovstv\u00ed republiky um\u00edstila p\u00e1t\u00e1 a s\u00a0holandsk\u00fdm teplokrevn\u00edkem Babylonem bude v\u00a0srpnu reprezentovat \u010ceskou republiku na Mistrovstv\u00ed sv\u011bta mlad\u00fdch kon\u00ed ve Verdenu, kam se [&hellip;]\" \/>\n<meta property=\"og:url\" content=\"https:\/\/www.adelaneumannova.cz\/index.php\/psali-o-nas\/\" \/>\n<meta property=\"og:site_name\" content=\"Ad\u00e9la Neumannov\u00e1\" \/>\n<meta property=\"article:modified_time\" content=\"2018-02-05T09:42:55+00:00\" \/>\n<meta property=\"og:image\" content=\"https:\/\/g.denik.cz\/20\/da\/neumannova-net_denik-630.jpg\" \/>\n<meta name=\"twitter:card\" content=\"summary_large_image\" \/>\n<meta name=\"twitter:label1\" content=\"Odhadovan\u00e1 doba \u010dten\u00ed\" \/>\n\t<meta name=\"twitter:data1\" content=\"5 minut\" \/>\n<script type=\"application\/ld+json\" class=\"yoast-schema-graph\">{\"@context\":\"https:\\\/\\\/schema.org\",\"@graph\":[{\"@type\":\"WebPage\",\"@id\":\"https:\\\/\\\/www.adelaneumannova.cz\\\/index.php\\\/psali-o-nas\\\/\",\"url\":\"https:\\\/\\\/www.adelaneumannova.cz\\\/index.php\\\/psali-o-nas\\\/\",\"name\":\"Psali o n\u00e1s - Ad\u00e9la Neumannov\u00e1\",\"isPartOf\":{\"@id\":\"https:\\\/\\\/www.adelaneumannova.cz\\\/#website\"},\"primaryImageOfPage\":{\"@id\":\"https:\\\/\\\/www.adelaneumannova.cz\\\/index.php\\\/psali-o-nas\\\/#primaryimage\"},\"image\":{\"@id\":\"https:\\\/\\\/www.adelaneumannova.cz\\\/index.php\\\/psali-o-nas\\\/#primaryimage\"},\"thumbnailUrl\":\"https:\\\/\\\/g.denik.cz\\\/20\\\/da\\\/neumannova-net_denik-630.jpg\",\"datePublished\":\"2018-02-05T09:30:40+00:00\",\"dateModified\":\"2018-02-05T09:42:55+00:00\",\"breadcrumb\":{\"@id\":\"https:\\\/\\\/www.adelaneumannova.cz\\\/index.php\\\/psali-o-nas\\\/#breadcrumb\"},\"inLanguage\":\"cs\",\"potentialAction\":[{\"@type\":\"ReadAction\",\"target\":[\"https:\\\/\\\/www.adelaneumannova.cz\\\/index.php\\\/psali-o-nas\\\/\"]}]},{\"@type\":\"ImageObject\",\"inLanguage\":\"cs\",\"@id\":\"https:\\\/\\\/www.adelaneumannova.cz\\\/index.php\\\/psali-o-nas\\\/#primaryimage\",\"url\":\"https:\\\/\\\/g.denik.cz\\\/20\\\/da\\\/neumannova-net_denik-630.jpg\",\"contentUrl\":\"https:\\\/\\\/g.denik.cz\\\/20\\\/da\\\/neumannova-net_denik-630.jpg\"},{\"@type\":\"BreadcrumbList\",\"@id\":\"https:\\\/\\\/www.adelaneumannova.cz\\\/index.php\\\/psali-o-nas\\\/#breadcrumb\",\"itemListElement\":[{\"@type\":\"ListItem\",\"position\":1,\"name\":\"Dom\u016f\",\"item\":\"https:\\\/\\\/www.adelaneumannova.cz\\\/\"},{\"@type\":\"ListItem\",\"position\":2,\"name\":\"Psali o n\u00e1s\"}]},{\"@type\":\"WebSite\",\"@id\":\"https:\\\/\\\/www.adelaneumannova.cz\\\/#website\",\"url\":\"https:\\\/\\\/www.adelaneumannova.cz\\\/\",\"name\":\"Ad\u00e9la Neumannov\u00e1\",\"description\":\"Drez\u00fara\",\"potentialAction\":[{\"@type\":\"SearchAction\",\"target\":{\"@type\":\"EntryPoint\",\"urlTemplate\":\"https:\\\/\\\/www.adelaneumannova.cz\\\/?s={search_term_string}\"},\"query-input\":{\"@type\":\"PropertyValueSpecification\",\"valueRequired\":true,\"valueName\":\"search_term_string\"}}],\"inLanguage\":\"cs\"}]}<\/script>\n<!-- \/ Yoast SEO plugin. -->","yoast_head_json":{"title":"Psali o n\u00e1s - Ad\u00e9la Neumannov\u00e1","robots":{"index":"index","follow":"follow","max-snippet":"max-snippet:-1","max-image-preview":"max-image-preview:large","max-video-preview":"max-video-preview:-1"},"canonical":"https:\/\/www.adelaneumannova.cz\/index.php\/psali-o-nas\/","og_locale":"cs_CZ","og_type":"article","og_title":"Psali o n\u00e1s - Ad\u00e9la Neumannov\u00e1","og_description":"Ad\u00e9lu Neumannovou a Babylona te\u010f \u010dek\u00e1 mistrovstv\u00ed sv\u011bta mlad\u00fdch kon\u00ed ve Verdenu Z\u00e1jezd \u2013 Pro drezurn\u00ed jezdkyni Ad\u00e9lu Neumannovou, kter\u00e1 reprezentuje Jezdeck\u00e9 centrum Z\u00e1jezd, je leto\u0161n\u00ed sezona velmi \u00fasp\u011b\u0161n\u00e1. S\u00a0kon\u011bm Edie 1\u00a0se na mistrovstv\u00ed republiky um\u00edstila p\u00e1t\u00e1 a s\u00a0holandsk\u00fdm teplokrevn\u00edkem Babylonem bude v\u00a0srpnu reprezentovat \u010ceskou republiku na Mistrovstv\u00ed sv\u011bta mlad\u00fdch kon\u00ed ve Verdenu, kam se [&hellip;]","og_url":"https:\/\/www.adelaneumannova.cz\/index.php\/psali-o-nas\/","og_site_name":"Ad\u00e9la Neumannov\u00e1","article_modified_time":"2018-02-05T09:42:55+00:00","og_image":[{"url":"https:\/\/g.denik.cz\/20\/da\/neumannova-net_denik-630.jpg","type":"","width":"","height":""}],"twitter_card":"summary_large_image","twitter_misc":{"Odhadovan\u00e1 doba \u010dten\u00ed":"5 minut"},"schema":{"@context":"https:\/\/schema.org","@graph":[{"@type":"WebPage","@id":"https:\/\/www.adelaneumannova.cz\/index.php\/psali-o-nas\/","url":"https:\/\/www.adelaneumannova.cz\/index.php\/psali-o-nas\/","name":"Psali o n\u00e1s - Ad\u00e9la Neumannov\u00e1","isPartOf":{"@id":"https:\/\/www.adelaneumannova.cz\/#website"},"primaryImageOfPage":{"@id":"https:\/\/www.adelaneumannova.cz\/index.php\/psali-o-nas\/#primaryimage"},"image":{"@id":"https:\/\/www.adelaneumannova.cz\/index.php\/psali-o-nas\/#primaryimage"},"thumbnailUrl":"https:\/\/g.denik.cz\/20\/da\/neumannova-net_denik-630.jpg","datePublished":"2018-02-05T09:30:40+00:00","dateModified":"2018-02-05T09:42:55+00:00","breadcrumb":{"@id":"https:\/\/www.adelaneumannova.cz\/index.php\/psali-o-nas\/#breadcrumb"},"inLanguage":"cs","potentialAction":[{"@type":"ReadAction","target":["https:\/\/www.adelaneumannova.cz\/index.php\/psali-o-nas\/"]}]},{"@type":"ImageObject","inLanguage":"cs","@id":"https:\/\/www.adelaneumannova.cz\/index.php\/psali-o-nas\/#primaryimage","url":"https:\/\/g.denik.cz\/20\/da\/neumannova-net_denik-630.jpg","contentUrl":"https:\/\/g.denik.cz\/20\/da\/neumannova-net_denik-630.jpg"},{"@type":"BreadcrumbList","@id":"https:\/\/www.adelaneumannova.cz\/index.php\/psali-o-nas\/#breadcrumb","itemListElement":[{"@type":"ListItem","position":1,"name":"Dom\u016f","item":"https:\/\/www.adelaneumannova.cz\/"},{"@type":"ListItem","position":2,"name":"Psali o n\u00e1s"}]},{"@type":"WebSite","@id":"https:\/\/www.adelaneumannova.cz\/#website","url":"https:\/\/www.adelaneumannova.cz\/","name":"Ad\u00e9la Neumannov\u00e1","description":"Drez\u00fara","potentialAction":[{"@type":"SearchAction","target":{"@type":"EntryPoint","urlTemplate":"https:\/\/www.adelaneumannova.cz\/?s={search_term_string}"},"query-input":{"@type":"PropertyValueSpecification","valueRequired":true,"valueName":"search_term_string"}}],"inLanguage":"cs"}]}},"_links":{"self":[{"href":"https:\/\/www.adelaneumannova.cz\/index.php\/wp-json\/wp\/v2\/pages\/830","targetHints":{"allow":["GET"]}}],"collection":[{"href":"https:\/\/www.adelaneumannova.cz\/index.php\/wp-json\/wp\/v2\/pages"}],"about":[{"href":"https:\/\/www.adelaneumannova.cz\/index.php\/wp-json\/wp\/v2\/types\/page"}],"author":[{"embeddable":true,"href":"https:\/\/www.adelaneumannova.cz\/index.php\/wp-json\/wp\/v2\/users\/1"}],"replies":[{"embeddable":true,"href":"https:\/\/www.adelaneumannova.cz\/index.php\/wp-json\/wp\/v2\/comments?post=830"}],"version-history":[{"count":3,"href":"https:\/\/www.adelaneumannova.cz\/index.php\/wp-json\/wp\/v2\/pages\/830\/revisions"}],"predecessor-version":[{"id":843,"href":"https:\/\/www.adelaneumannova.cz\/index.php\/wp-json\/wp\/v2\/pages\/830\/revisions\/843"}],"wp:attachment":[{"href":"https:\/\/www.adelaneumannova.cz\/index.php\/wp-json\/wp\/v2\/media?parent=830"}],"curies":[{"name":"wp","href":"https:\/\/api.w.org\/{rel}","templated":true}]}}