{"id":871,"date":"2018-02-28T22:52:21","date_gmt":"2018-02-28T21:52:21","guid":{"rendered":"https:\/\/www.adelaneumannova.cz\/?page_id=871"},"modified":"2018-03-04T21:45:11","modified_gmt":"2018-03-04T20:45:11","slug":"text_1","status":"publish","type":"page","link":"https:\/\/www.adelaneumannova.cz\/index.php\/text_1\/","title":{"rendered":"text_1"},"content":{"rendered":"<p>[et_pb_section fb_built=&#8220;1&#8243; _builder_version=&#8220;3.0.47&#8243;][et_pb_row _builder_version=&#8220;3.0.47&#8243; background_size=&#8220;initial&#8220; background_position=&#8220;top_left&#8220; background_repeat=&#8220;repeat&#8220;][et_pb_column type=&#8220;4_4&#8243; _builder_version=&#8220;3.0.47&#8243; parallax=&#8220;off&#8220; parallax_method=&#8220;on&#8220;][et_pb_image src=&#8220;https:\/\/www.adelaneumannova.cz\/wp-content\/uploads\/2017\/11\/adela1.png&#8220; align=&#8220;center&#8220; _builder_version=&#8220;3.0.105&#8243;][\/et_pb_image][\/et_pb_column][\/et_pb_row][et_pb_row _builder_version=&#8220;3.0.47&#8243; background_size=&#8220;initial&#8220; background_position=&#8220;top_left&#8220; background_repeat=&#8220;repeat&#8220;][et_pb_column type=&#8220;2_3&#8243; _builder_version=&#8220;3.0.47&#8243; parallax=&#8220;off&#8220; parallax_method=&#8220;on&#8220;][et_pb_text _builder_version=&#8220;3.0.105&#8243;]<\/p>\n<div><strong>Ad\u00e9la Neumannov\u00e1 Datum narozen\u00ed: 20.12.1980<\/strong><\/div>\n<div><strong>Matka: Erika Neumannov\u00e1<\/strong><\/div>\n<div><strong>Otec: Rudolf Neumann<\/strong><\/div>\n<div><\/div>\n<div><strong> M\u00edsto kde p\u016fsob\u00edm: JC Z\u00e1jezd okres Kladno (\u0159adu let PJK Gabrielka)<\/strong><\/div>\n<div><strong>Vzd\u011bl\u00e1n\u00ed:\u00a0<\/strong>absolvovala jsem SO\u0160 s ekonomick\u00fdm zam\u011b\u0159en\u00edm s maturitou. V oblasti jezdectv\u00ed vlastn\u00edm cvi\u010ditelskou licenci, zlat\u00fd a st\u0159ibrn\u00fd v\u00fdkonnost\u00ed odznak. Jezdectv\u00edm se zab\u00fdvam od sv\u00fdch 8 let. Profesionaln\u011b od roku 2007.<\/div>\n<div><\/div>\n<div><strong>Discipl\u00edna: drezura <\/strong><\/div>\n<div><strong>Tren\u00e9r:\u00a0<\/strong>v sou\u010dasn\u00e9 dob\u011b spolupracuji s Monique Vecter Peutz, v minulosti jsem trenovala s MUDr. Helenou \u017di\u017ekovou, Marianou Fraterovou, Marinou Grunskij, Peter Holler, Bernhard Fischer a ur\u010dit\u011b nemohu zapomenout na mou matku Eriku Neumannovou. V\u0161ichni trene\u0159i m\u011b dali nov\u00e9 informace, ze kter\u00fdch \u010derpam i nyn\u00ed.<\/div>\n<div><strong>V kolika jsem za\u010dala jezdit:\u00a0<\/strong>Jezd\u00edm od sv\u00fdch 8 let, z\u00e1vod\u00edm od sv\u00fdch 14 let. Z po\u010d\u00e1tku jsem i skakala. Absolvovala jsem n\u011bkolik parkuru do stupn\u011b ZL, pozd\u011bji jsem se zame\u0159ila pouze na drezuru a p\u0159irozenou komunikaci s ko\u0148mi. Zastav\u00e1m n\u00e1zor, \u017ee tento p\u0159\u00edstup prohloub\u00ed vztah s kon\u011bm a je zapot\u0159eb\u00ed, aby k\u016f\u0148 lepe rozumn\u011bl sv\u00e9mu jezdci. Moje v\u00fdkonnost v drezu\u0159e je do stupn\u011b GP na mezinarodn\u00ed \u00farovni.<\/div>\n<div><strong>Moji drezurn\u00ed kon\u011b:\u00a0<\/strong>Predev\u0161\u00edm se zam\u011b\u0159uji na praci s h\u0159ebci. M\u016fj prvn\u00ed drezurn\u00ed k\u016f\u0148 byl Thalis (N\u011bmeck\u00fd traken po Sargoni) s t\u00edmto kon\u011bm jsem se dostala do stupn\u011b ST. P\u0159ipravovala jsem si ho sama od jeho 4 let. Bohu\u017eel jsme tohoto kon\u011b ji\u017e zakoupili s bursit\u00fddou a nemohl d\u00edky teto nemoci dale sportovat. Valacha mame stale ve valstnictv\u00ed a do\u017e\u00edv\u00e1 ve v\u00fdbehu. Nyn\u00ed je mu ji\u017e 21 let.\u00a0<\/div>\n<div>Edie 1 je m\u016fj \u017eivotn\u00ed k\u016f\u0148. Je to h\u0159ebec, \u010cesk\u00fd teplokrevn\u00edk, rok narozen\u00ed 2000 po otci Pernod (old.). Tohoto h\u0159ebce jsme zakoupili v jeho 3,5 letech a p\u0159ipravila jsem si ho do stupn\u011b GP.\u00a0<\/div>\n<div>Babylon van Lange Weeren je takt\u00e9\u017e h\u0159ebec plemene KWPN, otec Rhodium. Jako p\u0159ede\u0161l\u00e9 kon\u011b i jeho vlastn\u00edme od 3 let a takte\u017e ma v\u00fdkonnost GP.\u00a0<\/div>\n<div>Heidekrug je narozen roku 2010 a ma prozat\u00edm vlastn\u00ed v\u00fdkonnost S. Je to v\u00fdborn\u00fd trakensk\u00fd h\u0159ebec po otci Dramatiker z matky po Sky Dancer. Tak\u00e9 jeho p\u0159ipravuj od 4 let. Ve t\u0159ech letech vyhral korung v Alt Sammit v N\u011bmecku. Za exterier obdr\u017eel zn\u00e1mku 9 a za charakter zn\u00e1mku 10. Prozat\u00edm je \u0161ampionem 6 ti let\u00fdch drezurn\u00edch kon\u00ed v \u010cR a je p\u0159ipraven do stupn\u011b T, co\u017e by m\u011bl prokazat letos, tedy v roce 2018. Ovlada i pasa\u017e a piaf.<\/div>\n<div>Samoz\u0159ejm\u011b jsem vedle m\u00fdch kon\u00ed jezdila i hodn\u011b soukrom\u00fdch kon\u00ed, jak v pr\u00e1ci, tak na z\u00e1vodech. Za zm\u00ednku asi stoj\u00ed\u00a0 h\u0159ebec Sargoni (plemen\u00edk od bratr\u016f Mulleru). V\u0161ichni na\u0161i h\u0159ebci byli uchovn\u011bni. Dal\u0161\u00ed podrobn\u00e9 informace jsou uvedeny pod odkazem Plemenn\u00ed hrebci.\u00a0<\/div>\n<div><strong><\/strong><\/div>\n<div><strong>Z\u00e1vodn\u00ed \u00fasp\u011bchy:<\/strong> Thalis: 1. m\u00edsto ve FEI \u2013 L ze v\u0161ech zem\u00ed v\u00fdchodn\u00ed Evropy<\/div>\n<div>Edie: 1. m\u00edsto\u00a0 ve FEI testu stupn\u011b ST ( SG), pravideln\u00fd \u00fa\u010dastn\u00edk M\u010cR od roku 2008, dvakrat v\u00edcemistr \u010cR (jednou dru\u017estva, jednou senio\u0159i jednotlivci), prvn\u00ed na \u0160ampionatu \u010cR v N\u011bm\u010dic\u00edch v roce 2015 v GP, Babylon dvakr\u00e1t v\u00edcemistr C\u0158, jednou v mal\u00e9 a jednou v premierov\u00e9 velk\u00e9 rund\u011b, druh\u00fd a t\u0159et\u00ed na \u0160ampionatu CR v GP. T\u0159et\u00ed a p\u00e1t\u00e9 m\u00edsto v IMI. a vIMI. na CDI Brno, \u0161est\u00e9 m\u00edsto v mal\u00e9 rund\u011b na CDI Zakrzow, t\u0159ikr\u00e1t \u010dtvrt\u00e9 m\u00edsto v mal\u00e9 rund\u011b na CDI Fot, \u0161est\u00e9 m\u00edsto v mal\u00e9 rund\u011b na CDI Radzionkow. To samoz\u0159ejm\u011b nejsou v\u0161echny d\u016fle\u017e\u00edta um\u00edst\u011bn\u00ed, jen v\u00fd\u010det tech nejv\u00fdznamn\u011bj\u0161\u00edch.<\/div>\n<div><\/div>\n<div><\/div>\n<div class=\"info\">\n<div id=\"autor\"><a href=\"http:\/\/www.jezdectvi.cz\/medailon.aspx?userid=4f5f7f21-f40d-4f27-aaa4-358e37518e47\"><\/a><\/div>\n<div id=\"publish\"><\/div>\n<\/div>\n<p>[\/et_pb_text][\/et_pb_column][et_pb_column type=&#8220;1_3&#8243; _builder_version=&#8220;3.0.47&#8243; parallax=&#8220;off&#8220; parallax_method=&#8220;on&#8220;][et_pb_text _builder_version=&#8220;3.0.105&#8243;]<\/p>\n<p><strong>ZLAT\u00dd ODZNAK<\/strong> v drezu\u0159e:<\/p>\n<p>obdr\u017e\u00ed jezdci, kte\u0159\u00ed splnili minim\u00e1ln\u011b tyto dv\u011b podm\u00ednky v pr\u016fb\u011bhu max. dvou let po sob\u011b: 1) \u2013 um\u00edstili se na M\u010cR stupe\u0148 obt\u00ed\u017enosti min IM-I (min. 10 startuj\u00edc\u00edch) na 1. a 3. m\u00edst\u011b nebo \u2013 dtto (min. 7 startuj\u00edc\u00edch) na 1. \u2013 2. m\u00edst\u011b nebo \u2013 dtto (min. 5 startuj\u00edc\u00edch) na 1. m\u00edst\u011b 2) \u2013 a um\u00edstili se na MZ (CDI nebo CDIO) v sout\u011b\u017ei min. \u201eSv. Ji\u0159\u00ed\u201c do 7 m\u00edsta (min. 15 startuj\u00edc\u00edch) nebo \u2013 se um\u00edstili na ME nebo MS ev. OH do 20. m\u00edsta v sout\u011b\u017ei jednotlivc\u016f a do 6. m\u00edsta v sout\u011b\u017ei dru\u017estev<\/p>\n<p>[\/et_pb_text][et_pb_image src=&#8220;https:\/\/www.adelaneumannova.cz\/wp-content\/uploads\/2018\/01\/an_odznak1.jpg&#8220; _builder_version=&#8220;3.0.105&#8243;][\/et_pb_image][et_pb_image src=&#8220;https:\/\/www.adelaneumannova.cz\/wp-content\/uploads\/2018\/01\/an_odznak2.jpg&#8220; _builder_version=&#8220;3.0.105&#8243;][\/et_pb_image][\/et_pb_column][\/et_pb_row][\/et_pb_section]<\/p>\n","protected":false},"excerpt":{"rendered":"<p>Ad\u00e9la Neumannov\u00e1 Datum narozen\u00ed: 20.12.1980 Matka: Erika Neumannov\u00e1 Otec: Rudolf Neumann M\u00edsto kde p\u016fsob\u00edm: JC Z\u00e1jezd okres Kladno (\u0159adu let PJK Gabrielka) Vzd\u011bl\u00e1n\u00ed:\u00a0absolvovala jsem SO\u0160 s ekonomick\u00fdm zam\u011b\u0159en\u00edm s maturitou. V oblasti jezdectv\u00ed vlastn\u00edm cvi\u010ditelskou licenci, zlat\u00fd a st\u0159ibrn\u00fd v\u00fdkonnost\u00ed odznak. Jezdectv\u00edm se zab\u00fdvam od sv\u00fdch 8 let. Profesionaln\u011b od roku 2007. Discipl\u00edna: drezura Tren\u00e9r:\u00a0v [&hellip;]<\/p>\n","protected":false},"author":1,"featured_media":0,"parent":0,"menu_order":0,"comment_status":"closed","ping_status":"closed","template":"","meta":{"_et_pb_use_builder":"on","_et_pb_old_content":"","_et_gb_content_width":"","footnotes":""},"class_list":["post-871","page","type-page","status-publish","hentry"],"yoast_head":"<!-- This site is optimized with the Yoast SEO plugin v27.4 - https:\/\/yoast.com\/product\/yoast-seo-wordpress\/ -->\n<title>text_1 - Ad\u00e9la Neumannov\u00e1<\/title>\n<meta name=\"robots\" content=\"index, follow, max-snippet:-1, max-image-preview:large, max-video-preview:-1\" \/>\n<link rel=\"canonical\" href=\"https:\/\/www.adelaneumannova.cz\/index.php\/text_1\/\" \/>\n<meta property=\"og:locale\" content=\"cs_CZ\" \/>\n<meta property=\"og:type\" content=\"article\" \/>\n<meta property=\"og:title\" content=\"text_1 - Ad\u00e9la Neumannov\u00e1\" \/>\n<meta property=\"og:description\" content=\"Ad\u00e9la Neumannov\u00e1 Datum narozen\u00ed: 20.12.1980 Matka: Erika Neumannov\u00e1 Otec: Rudolf Neumann M\u00edsto kde p\u016fsob\u00edm: JC Z\u00e1jezd okres Kladno (\u0159adu let PJK Gabrielka) Vzd\u011bl\u00e1n\u00ed:\u00a0absolvovala jsem SO\u0160 s ekonomick\u00fdm zam\u011b\u0159en\u00edm s maturitou. V oblasti jezdectv\u00ed vlastn\u00edm cvi\u010ditelskou licenci, zlat\u00fd a st\u0159ibrn\u00fd v\u00fdkonnost\u00ed odznak. Jezdectv\u00edm se zab\u00fdvam od sv\u00fdch 8 let. Profesionaln\u011b od roku 2007. Discipl\u00edna: drezura Tren\u00e9r:\u00a0v [&hellip;]\" \/>\n<meta property=\"og:url\" content=\"https:\/\/www.adelaneumannova.cz\/index.php\/text_1\/\" \/>\n<meta property=\"og:site_name\" content=\"Ad\u00e9la Neumannov\u00e1\" \/>\n<meta property=\"article:modified_time\" content=\"2018-03-04T20:45:11+00:00\" \/>\n<meta name=\"twitter:card\" content=\"summary_large_image\" \/>\n<meta name=\"twitter:label1\" content=\"Odhadovan\u00e1 doba \u010dten\u00ed\" \/>\n\t<meta name=\"twitter:data1\" content=\"5 minut\" \/>\n<script type=\"application\/ld+json\" class=\"yoast-schema-graph\">{\"@context\":\"https:\\\/\\\/schema.org\",\"@graph\":[{\"@type\":\"WebPage\",\"@id\":\"https:\\\/\\\/www.adelaneumannova.cz\\\/index.php\\\/text_1\\\/\",\"url\":\"https:\\\/\\\/www.adelaneumannova.cz\\\/index.php\\\/text_1\\\/\",\"name\":\"text_1 - Ad\u00e9la Neumannov\u00e1\",\"isPartOf\":{\"@id\":\"https:\\\/\\\/www.adelaneumannova.cz\\\/#website\"},\"datePublished\":\"2018-02-28T21:52:21+00:00\",\"dateModified\":\"2018-03-04T20:45:11+00:00\",\"breadcrumb\":{\"@id\":\"https:\\\/\\\/www.adelaneumannova.cz\\\/index.php\\\/text_1\\\/#breadcrumb\"},\"inLanguage\":\"cs\",\"potentialAction\":[{\"@type\":\"ReadAction\",\"target\":[\"https:\\\/\\\/www.adelaneumannova.cz\\\/index.php\\\/text_1\\\/\"]}]},{\"@type\":\"BreadcrumbList\",\"@id\":\"https:\\\/\\\/www.adelaneumannova.cz\\\/index.php\\\/text_1\\\/#breadcrumb\",\"itemListElement\":[{\"@type\":\"ListItem\",\"position\":1,\"name\":\"Dom\u016f\",\"item\":\"https:\\\/\\\/www.adelaneumannova.cz\\\/\"},{\"@type\":\"ListItem\",\"position\":2,\"name\":\"text_1\"}]},{\"@type\":\"WebSite\",\"@id\":\"https:\\\/\\\/www.adelaneumannova.cz\\\/#website\",\"url\":\"https:\\\/\\\/www.adelaneumannova.cz\\\/\",\"name\":\"Ad\u00e9la Neumannov\u00e1\",\"description\":\"Drez\u00fara\",\"potentialAction\":[{\"@type\":\"SearchAction\",\"target\":{\"@type\":\"EntryPoint\",\"urlTemplate\":\"https:\\\/\\\/www.adelaneumannova.cz\\\/?s={search_term_string}\"},\"query-input\":{\"@type\":\"PropertyValueSpecification\",\"valueRequired\":true,\"valueName\":\"search_term_string\"}}],\"inLanguage\":\"cs\"}]}<\/script>\n<!-- \/ Yoast SEO plugin. -->","yoast_head_json":{"title":"text_1 - Ad\u00e9la Neumannov\u00e1","robots":{"index":"index","follow":"follow","max-snippet":"max-snippet:-1","max-image-preview":"max-image-preview:large","max-video-preview":"max-video-preview:-1"},"canonical":"https:\/\/www.adelaneumannova.cz\/index.php\/text_1\/","og_locale":"cs_CZ","og_type":"article","og_title":"text_1 - Ad\u00e9la Neumannov\u00e1","og_description":"Ad\u00e9la Neumannov\u00e1 Datum narozen\u00ed: 20.12.1980 Matka: Erika Neumannov\u00e1 Otec: Rudolf Neumann M\u00edsto kde p\u016fsob\u00edm: JC Z\u00e1jezd okres Kladno (\u0159adu let PJK Gabrielka) Vzd\u011bl\u00e1n\u00ed:\u00a0absolvovala jsem SO\u0160 s ekonomick\u00fdm zam\u011b\u0159en\u00edm s maturitou. V oblasti jezdectv\u00ed vlastn\u00edm cvi\u010ditelskou licenci, zlat\u00fd a st\u0159ibrn\u00fd v\u00fdkonnost\u00ed odznak. Jezdectv\u00edm se zab\u00fdvam od sv\u00fdch 8 let. Profesionaln\u011b od roku 2007. Discipl\u00edna: drezura Tren\u00e9r:\u00a0v [&hellip;]","og_url":"https:\/\/www.adelaneumannova.cz\/index.php\/text_1\/","og_site_name":"Ad\u00e9la Neumannov\u00e1","article_modified_time":"2018-03-04T20:45:11+00:00","twitter_card":"summary_large_image","twitter_misc":{"Odhadovan\u00e1 doba \u010dten\u00ed":"5 minut"},"schema":{"@context":"https:\/\/schema.org","@graph":[{"@type":"WebPage","@id":"https:\/\/www.adelaneumannova.cz\/index.php\/text_1\/","url":"https:\/\/www.adelaneumannova.cz\/index.php\/text_1\/","name":"text_1 - Ad\u00e9la Neumannov\u00e1","isPartOf":{"@id":"https:\/\/www.adelaneumannova.cz\/#website"},"datePublished":"2018-02-28T21:52:21+00:00","dateModified":"2018-03-04T20:45:11+00:00","breadcrumb":{"@id":"https:\/\/www.adelaneumannova.cz\/index.php\/text_1\/#breadcrumb"},"inLanguage":"cs","potentialAction":[{"@type":"ReadAction","target":["https:\/\/www.adelaneumannova.cz\/index.php\/text_1\/"]}]},{"@type":"BreadcrumbList","@id":"https:\/\/www.adelaneumannova.cz\/index.php\/text_1\/#breadcrumb","itemListElement":[{"@type":"ListItem","position":1,"name":"Dom\u016f","item":"https:\/\/www.adelaneumannova.cz\/"},{"@type":"ListItem","position":2,"name":"text_1"}]},{"@type":"WebSite","@id":"https:\/\/www.adelaneumannova.cz\/#website","url":"https:\/\/www.adelaneumannova.cz\/","name":"Ad\u00e9la Neumannov\u00e1","description":"Drez\u00fara","potentialAction":[{"@type":"SearchAction","target":{"@type":"EntryPoint","urlTemplate":"https:\/\/www.adelaneumannova.cz\/?s={search_term_string}"},"query-input":{"@type":"PropertyValueSpecification","valueRequired":true,"valueName":"search_term_string"}}],"inLanguage":"cs"}]}},"_links":{"self":[{"href":"https:\/\/www.adelaneumannova.cz\/index.php\/wp-json\/wp\/v2\/pages\/871","targetHints":{"allow":["GET"]}}],"collection":[{"href":"https:\/\/www.adelaneumannova.cz\/index.php\/wp-json\/wp\/v2\/pages"}],"about":[{"href":"https:\/\/www.adelaneumannova.cz\/index.php\/wp-json\/wp\/v2\/types\/page"}],"author":[{"embeddable":true,"href":"https:\/\/www.adelaneumannova.cz\/index.php\/wp-json\/wp\/v2\/users\/1"}],"replies":[{"embeddable":true,"href":"https:\/\/www.adelaneumannova.cz\/index.php\/wp-json\/wp\/v2\/comments?post=871"}],"version-history":[{"count":5,"href":"https:\/\/www.adelaneumannova.cz\/index.php\/wp-json\/wp\/v2\/pages\/871\/revisions"}],"predecessor-version":[{"id":1170,"href":"https:\/\/www.adelaneumannova.cz\/index.php\/wp-json\/wp\/v2\/pages\/871\/revisions\/1170"}],"wp:attachment":[{"href":"https:\/\/www.adelaneumannova.cz\/index.php\/wp-json\/wp\/v2\/media?parent=871"}],"curies":[{"name":"wp","href":"https:\/\/api.w.org\/{rel}","templated":true}]}}