{"id":991,"date":"2018-03-03T22:21:05","date_gmt":"2018-03-03T21:21:05","guid":{"rendered":"https:\/\/www.adelaneumannova.cz\/?page_id=991"},"modified":"2018-09-03T10:05:05","modified_gmt":"2018-09-03T08:05:05","slug":"2018-3","status":"publish","type":"page","link":"https:\/\/www.adelaneumannova.cz\/index.php\/2018-3\/","title":{"rendered":"2018"},"content":{"rendered":"<p>[et_pb_section bb_built=&#8220;1&#8243; _builder_version=&#8220;3.0.47&#8243;][et_pb_row _builder_version=&#8220;3.0.47&#8243; background_size=&#8220;initial&#8220; background_position=&#8220;top_left&#8220; background_repeat=&#8220;repeat&#8220;][et_pb_column type=&#8220;4_4&#8243;][et_pb_text _builder_version=&#8220;3.12.2&#8243; max_width_last_edited=&#8220;on|phone&#8220; module_alignment=&#8220;left&#8220;]<\/p>\n<pre><strong><span style=\"color: #000000;\">N\u00e1zev z\u00e1vod\u016f:<\/span> \r\n\r\nFin\u00e1le NDP \u010cJF - senio\u0159i\r\nN\u00e1rodn\u00ed drezurn\u00ed poh\u00e1r \u010cJF (CDN-NDP)\r\ndrezura 2018<\/strong>\r\n\r\n<strong><span style=\"color: #000000;\">M\u00edsto kon\u00e1n\u00ed:<\/span> MARTINICE<\/strong>\r\n\r\n<strong><span style=\"color: #000000;\">Datum kon\u00e1n\u00ed:<\/span> 1.9.- 2.9.2018<\/strong>\r\n\r\n<\/pre>\n<p>[\/et_pb_text][et_pb_divider color=&#8220;#0c71c3&#8243; divider_style=&#8220;ridge&#8220; divider_weight=&#8220;1px&#8220; _builder_version=&#8220;3.2&#8243; max_width_last_edited=&#8220;on|desktop&#8220;]<\/p>\n<p>&nbsp;<\/p>\n<p>[\/et_pb_divider][et_pb_gallery _builder_version=&#8220;3.12.2&#8243; gallery_ids=&#8220;1738,1739,1740,1741&#8243; zoom_icon_color=&#8220;#ededed&#8220; hover_overlay_color=&#8220;rgba(255,255,255,0.9)&#8220; box_shadow_style_image=&#8220;preset1&#8243; max_width_last_edited=&#8220;on|desktop&#8220; module_alignment=&#8220;center&#8220; hover_icon=&#8220;%%372%%&#8220; animation_style=&#8220;flip&#8220; \/][et_pb_button _builder_version=&#8220;3.13.1&#8243; button_text=&#8220;Fotografie&#8220; button_url=&#8220;https:\/\/www.adelaneumannova.cz\/index.php\/ndp-cjf-martinice-2-9-2018\/&#8220; \/][et_pb_button _builder_version=&#8220;3.13.1&#8243; button_text=&#8220;Video&#8220; button_url=&#8220;https:\/\/www.adelaneumannova.cz\/index.php\/martinice-ndp-cjf-2-9-2018\/&#8220; \/][et_pb_divider color=&#8220;#0c71c3&#8243; divider_style=&#8220;ridge&#8220; divider_weight=&#8220;1px&#8220; _builder_version=&#8220;3.2&#8243; max_width_last_edited=&#8220;on|desktop&#8220;]<\/p>\n<p>&nbsp;<\/p>\n<p>[\/et_pb_divider][et_pb_blurb _builder_version=&#8220;3.12.2&#8243; use_icon=&#8220;on&#8220; font_icon=&#8220;%%79%%&#8220; title=&#8220;k zamy\u0161len\u00ed &#8230;&#8220; icon_placement=&#8220;left&#8220; icon_color=&#8220;#ed2525&#8243;]<\/p>\n<p style=\"text-align: center;\"><strong>Po lit\u00e9m boji a nemysl\u00edm t\u00edm zrovna sv\u00e9 soupe\u0159e, jsem vyhr\u00e1la N\u00e1rodn\u00ed drezurn\u00ed poh\u00e1r \u010cJF v Martinic\u00edch, v tzv.\u00a0 st\u0159edn\u00ed rund\u011b.\u00a0<\/strong><\/p>\n<p>[\/et_pb_blurb][et_pb_divider color=&#8220;#0c71c3&#8243; divider_style=&#8220;ridge&#8220; divider_weight=&#8220;1px&#8220; _builder_version=&#8220;3.2&#8243; max_width_last_edited=&#8220;on|desktop&#8220;]<\/p>\n<p>&nbsp;<\/p>\n<p>[\/et_pb_divider][et_pb_divider color=&#8220;#0c71c3&#8243; divider_style=&#8220;ridge&#8220; divider_weight=&#8220;2px&#8220; _builder_version=&#8220;3.12.2&#8243; max_width_last_edited=&#8220;on|desktop&#8220;]<\/p>\n<p>&nbsp;<\/p>\n<p>[\/et_pb_divider][\/et_pb_column][\/et_pb_row][et_pb_row _builder_version=&#8220;3.0.47&#8243; background_size=&#8220;initial&#8220; background_position=&#8220;top_left&#8220; background_repeat=&#8220;repeat&#8220;][et_pb_column type=&#8220;2_3&#8243;][et_pb_text _builder_version=&#8220;3.12.2&#8243; max_width_last_edited=&#8220;on|phone&#8220; module_alignment=&#8220;left&#8220;]<\/p>\n<pre><strong>N\u00e1zev z\u00e1vod\u016f: M\u010cR drezura 2018<\/strong>\r\n\r\n<strong>M\u00edsto kon\u00e1n\u00ed: Kr\u00e1lovick\u00fd Dv\u016fr<\/strong>\r\n\r\n<strong>Datum kon\u00e1n\u00ed : 15.- 19.8.2018<\/strong>\r\n\r\n<\/pre>\n<p>[\/et_pb_text][et_pb_divider color=&#8220;#0c71c3&#8243; divider_style=&#8220;ridge&#8220; divider_weight=&#8220;1px&#8220; _builder_version=&#8220;3.2&#8243; max_width_last_edited=&#8220;on|desktop&#8220;]<\/p>\n<p>&nbsp;<\/p>\n<p>[\/et_pb_divider][et_pb_gallery _builder_version=&#8220;3.12.2&#8243; gallery_ids=&#8220;1706,1705,1701,1700,1699&#8243; zoom_icon_color=&#8220;#ededed&#8220; hover_overlay_color=&#8220;rgba(255,255,255,0.9)&#8220; orientation=&#8220;portrait&#8220; box_shadow_style_image=&#8220;preset1&#8243; posts_number=&#8220;5&#8243; max_width_last_edited=&#8220;on|phone&#8220; module_alignment=&#8220;center&#8220; \/][et_pb_divider color=&#8220;#0c71c3&#8243; divider_style=&#8220;ridge&#8220; divider_weight=&#8220;1px&#8220; _builder_version=&#8220;3.2&#8243; max_width_last_edited=&#8220;on|desktop&#8220;]<\/p>\n<p>&nbsp;<\/p>\n<p>[\/et_pb_divider][\/et_pb_column][et_pb_column type=&#8220;1_3&#8243;][et_pb_gallery gallery_ids=&#8220;962&#8243; fullwidth=&#8220;on&#8220; _builder_version=&#8220;3.12.2&#8243; pagination_font=&#8220;||||||||&#8220; pagination_font_size_tablet=&#8220;51&#8243; pagination_line_height_tablet=&#8220;2&#8243; box_shadow_style=&#8220;preset2&#8243; box_shadow_horizontal=&#8220;12px&#8220; box_shadow_vertical=&#8220;9px&#8220; box_shadow_blur=&#8220;42px&#8220; box_shadow_spread=&#8220;9px&#8220; max_width=&#8220;71%&#8220; max_width_tablet=&#8220;67%&#8220; max_width_phone=&#8220;96%&#8220; max_width_last_edited=&#8220;on|desktop&#8220; animation_style=&#8220;roll&#8220;]<\/p>\n<p>&nbsp;<\/p>\n<p>[\/et_pb_gallery][\/et_pb_column][\/et_pb_row][et_pb_row _builder_version=&#8220;3.0.47&#8243; background_size=&#8220;initial&#8220; background_position=&#8220;top_left&#8220; background_repeat=&#8220;repeat&#8220;][et_pb_column type=&#8220;2_3&#8243;][et_pb_text _builder_version=&#8220;3.12.2&#8243; max_width_last_edited=&#8220;on|phone&#8220; module_alignment=&#8220;left&#8220;]<\/p>\n<pre><strong>N\u00e1zev z\u00e1vod\u016f: N\u00e1rodn\u00ed drezurn\u00ed poh\u00e1r \u010cJF\r\n<\/strong>\r\n\r\n<strong>M\u00edsto kon\u00e1n\u00ed: Zduchovice <\/strong>\r\n\r\n<strong>Datum kon\u00e1n\u00ed : 30.6-1.7.2018<\/strong>\r\n\r\n<strong>\u00daloha 1:<\/strong>\r\nST - nap\u0159.: 64%\/1.m\u00edsto\/Babylon\r\n\r\n<strong>\u00daloha 2:<\/strong>\r\nXX - nap\u0159.: 0%\/0.m\u00edsto\/jm\u00e9no\r\n\r\n<strong>\u00daloha 3:<\/strong>\r\nXX - nap\u0159.: 0%\/0.m\u00edsto\/jm\u00e9no\r\n\r\n<strong>\u00daloha 4:<\/strong>\r\nXX - nap\u0159.: 0%\/0.m\u00edsto\/jm\u00e9no\r\n\r\n\r\n<\/pre>\n<p>[\/et_pb_text][et_pb_text _builder_version=&#8220;3.12.2&#8243;]<\/p>\n<p><em>V\u00fdsledky zde:<\/em><\/p>\n<p style=\"text-align: left;\"><a href=\"https:\/\/www.jezdectvi.org\/cjf-core\/open-attachment\/82e4c52b-02f7-455d-bc18-0a64e27113b8\">https:\/\/www.jezdectvi.org\/cjf-core\/open-attachment\/82e4c52b-02f7-455d-bc18-0a64e27113b8<\/a><\/p>\n<p><a href=\"https:\/\/www.jezdectvi.org\/cjf-core\/open-attachment\/20d2c3ee-e378-417b-88a7-bb59672e16c4\">https:\/\/www.jezdectvi.org\/cjf-core\/open-attachment\/20d2c3ee-e378-417b-88a7-bb59672e16c4<\/a><\/p>\n<p>[\/et_pb_text][et_pb_divider color=&#8220;#0c71c3&#8243; divider_style=&#8220;ridge&#8220; divider_weight=&#8220;1px&#8220; _builder_version=&#8220;3.2&#8243; max_width_last_edited=&#8220;on|desktop&#8220;]<\/p>\n<p>&nbsp;<\/p>\n<p>[\/et_pb_divider][\/et_pb_column][et_pb_column type=&#8220;1_3&#8243;][et_pb_text disabled_on=&#8220;off|on|on&#8220; _builder_version=&#8220;3.0.105&#8243;]<\/p>\n<p>Fotogalerie z dan\u00e9ho z\u00e1vodu:<\/p>\n<p>[\/et_pb_text][et_pb_gallery gallery_ids=&#8220;962&#8243; fullwidth=&#8220;on&#8220; _builder_version=&#8220;3.0.105&#8243; pagination_font=&#8220;||||||||&#8220; pagination_font_size_tablet=&#8220;51&#8243; pagination_line_height_tablet=&#8220;2&#8243; box_shadow_style=&#8220;preset2&#8243; box_shadow_horizontal=&#8220;12px&#8220; box_shadow_vertical=&#8220;9px&#8220; box_shadow_blur=&#8220;42px&#8220; box_shadow_spread=&#8220;9px&#8220; max_width=&#8220;71%&#8220; max_width_tablet=&#8220;67%&#8220; max_width_phone=&#8220;96%&#8220; max_width_last_edited=&#8220;on|desktop&#8220; animation_style=&#8220;roll&#8220;]<\/p>\n<p>&nbsp;<\/p>\n<p>[\/et_pb_gallery][et_pb_divider color=&#8220;#0c71c3&#8243; divider_style=&#8220;ridge&#8220; divider_weight=&#8220;1px&#8220; _builder_version=&#8220;3.2&#8243; max_width=&#8220;71%&#8220; max_width_last_edited=&#8220;on|phone&#8220;]<\/p>\n<p>&nbsp;<\/p>\n<p>[\/et_pb_divider][\/et_pb_column][\/et_pb_row][et_pb_row _builder_version=&#8220;3.0.47&#8243; background_size=&#8220;initial&#8220; background_position=&#8220;top_left&#8220; background_repeat=&#8220;repeat&#8220;][et_pb_column type=&#8220;2_3&#8243;][et_pb_text _builder_version=&#8220;3.3.1&#8243; max_width_last_edited=&#8220;on|phone&#8220; module_alignment=&#8220;left&#8220;]<\/p>\n<pre><strong>N\u00e1zev z\u00e1vod\u016f: \r\nMemori\u00e1l MUDr.Mileny V\u00e1lov\u00e9 - Star\u00e1 Role\r\nOfici\u00e1ln\u00ed z\u00e1vody (CDN) \/ 180512K1\r\n<\/strong>\r\n<strong>M\u00edsto kon\u00e1n\u00ed: Star\u00e1 Role<\/strong>\r\n\r\n<strong>Datum kon\u00e1n\u00ed : 12-13.5.2018<\/strong>\r\n\r\n<strong>\u00daloha 1:<\/strong>\r\n05_ FEI Intermediate I.\r\nB\u011b\u017en\u00e1 IM1\/2016 - FEI-T\u00a0: 64.411 %\/5.m\u00edsto\/<a href=\"https:\/\/www.jezdectvi.org\/kun\/KJ0MPQ\">HEIDEKRUG (KJ0MPQ)<\/a>\r\n\r\n<strong>\u00daloha 2:<\/strong>\r\n06_ FEI Intermediate A\r\nB\u011b\u017en\u00e1 IMA\/2016 - FEI-TT\u00a0: 66.764 %\/2.m\u00edsto\/<a href=\"https:\/\/www.jezdectvi.org\/kun\/KJ0DVB\">EDIE 1 (KJ0DVB)\r\n<\/a><\/pre>\n<pre><strong>\u00daloha 3:<\/strong>\r\n11_ FEI Intermediate B\r\nB\u011b\u017en\u00e1 IMB\/2016 - FEI-TT\u00a0: 64.500 %\/3.m\u00edsto\/<a href=\"https:\/\/www.jezdectvi.org\/kun\/KJ0DVB\">EDIE 1 (KJ0DVB)<\/a>\r\n\r\n<strong>\u00daloha 4:<\/strong>\r\n13_ FEI Prix St.Georges\r\nB\u011b\u017en\u00e1 SG\/2016 - FEI-ST\u00a0 : 60.931 %\/5.m\u00edsto\/<a href=\"https:\/\/www.jezdectvi.org\/kun\/KJ0MPQ\">HEIDEKRUG (KJ0MPQ)<\/a><\/pre>\n<p>[\/et_pb_text][et_pb_divider color=&#8220;#0c71c3&#8243; divider_style=&#8220;ridge&#8220; divider_weight=&#8220;1px&#8220; _builder_version=&#8220;3.2&#8243; max_width_last_edited=&#8220;on|desktop&#8220;]<\/p>\n<p>&nbsp;<\/p>\n<p>[\/et_pb_divider][\/et_pb_column][et_pb_column type=&#8220;1_3&#8243;][et_pb_text disabled_on=&#8220;off|on|on&#8220; _builder_version=&#8220;3.0.105&#8243;]<\/p>\n<p>Fotogalerie z dan\u00e9ho z\u00e1vodu:<\/p>\n<p>[\/et_pb_text][et_pb_gallery gallery_ids=&#8220;962&#8243; fullwidth=&#8220;on&#8220; _builder_version=&#8220;3.0.105&#8243; pagination_font=&#8220;||||||||&#8220; pagination_font_size_tablet=&#8220;51&#8243; pagination_line_height_tablet=&#8220;2&#8243; box_shadow_style=&#8220;preset2&#8243; box_shadow_horizontal=&#8220;12px&#8220; box_shadow_vertical=&#8220;9px&#8220; box_shadow_blur=&#8220;42px&#8220; box_shadow_spread=&#8220;9px&#8220; max_width=&#8220;71%&#8220; max_width_tablet=&#8220;67%&#8220; max_width_phone=&#8220;96%&#8220; max_width_last_edited=&#8220;on|desktop&#8220; animation_style=&#8220;roll&#8220;]<\/p>\n<p>&nbsp;<\/p>\n<p>[\/et_pb_gallery][et_pb_divider color=&#8220;#0c71c3&#8243; divider_style=&#8220;ridge&#8220; divider_weight=&#8220;1px&#8220; _builder_version=&#8220;3.2&#8243; max_width=&#8220;71%&#8220; max_width_last_edited=&#8220;on|phone&#8220;]<\/p>\n<p>&nbsp;<\/p>\n<p>[\/et_pb_divider][\/et_pb_column][\/et_pb_row][et_pb_row _builder_version=&#8220;3.0.47&#8243; background_size=&#8220;initial&#8220; background_position=&#8220;top_left&#8220; background_repeat=&#8220;repeat&#8220;][et_pb_column type=&#8220;2_3&#8243;][et_pb_text _builder_version=&#8220;3.3.1&#8243; max_width_last_edited=&#8220;on|phone&#8220; module_alignment=&#8220;left&#8220;]<\/p>\n<pre><strong>N\u00e1zev z\u00e1vod\u016f: \r\n<\/strong>nap\u0159ikl. Mistrovstv\u00ed \u010cR\r\n\r\n<strong>M\u00edsto kon\u00e1n\u00ed:<\/strong>\r\n\r\n<strong>Datum kon\u00e1n\u00ed :<\/strong>\r\n\r\n<strong>\u00daloha 1:<\/strong>\r\nST - nap\u0159.: 64%\/1.m\u00edsto\/Babylon\r\n\r\n<strong>\u00daloha 2:<\/strong>\r\nXX - nap\u0159.: 0%\/0.m\u00edsto\/jm\u00e9no\r\n\r\n<strong>\u00daloha 3:<\/strong>\r\nXX - nap\u0159.: 0%\/0.m\u00edsto\/jm\u00e9no\r\n\r\n<strong>\u00daloha 4:<\/strong>\r\nXX - nap\u0159.: 0%\/0.m\u00edsto\/jm\u00e9no<\/pre>\n<p>[\/et_pb_text][et_pb_divider color=&#8220;#0c71c3&#8243; divider_style=&#8220;ridge&#8220; divider_weight=&#8220;1px&#8220; _builder_version=&#8220;3.2&#8243; max_width_last_edited=&#8220;on|desktop&#8220;]<\/p>\n<p>&nbsp;<\/p>\n<p>[\/et_pb_divider][\/et_pb_column][et_pb_column type=&#8220;1_3&#8243;][et_pb_text disabled_on=&#8220;off|on|on&#8220; _builder_version=&#8220;3.0.105&#8243;]<\/p>\n<p>Fotogalerie z dan\u00e9ho z\u00e1vodu:<\/p>\n<p>[\/et_pb_text][et_pb_gallery gallery_ids=&#8220;962&#8243; fullwidth=&#8220;on&#8220; _builder_version=&#8220;3.0.105&#8243; pagination_font=&#8220;||||||||&#8220; pagination_font_size_tablet=&#8220;51&#8243; pagination_line_height_tablet=&#8220;2&#8243; box_shadow_style=&#8220;preset2&#8243; box_shadow_horizontal=&#8220;12px&#8220; box_shadow_vertical=&#8220;9px&#8220; box_shadow_blur=&#8220;42px&#8220; box_shadow_spread=&#8220;9px&#8220; max_width=&#8220;71%&#8220; max_width_tablet=&#8220;67%&#8220; max_width_phone=&#8220;96%&#8220; max_width_last_edited=&#8220;on|desktop&#8220; animation_style=&#8220;roll&#8220;]<\/p>\n<p>&nbsp;<\/p>\n<p>[\/et_pb_gallery][et_pb_divider color=&#8220;#0c71c3&#8243; divider_style=&#8220;ridge&#8220; divider_weight=&#8220;1px&#8220; _builder_version=&#8220;3.2&#8243; max_width=&#8220;71%&#8220; max_width_last_edited=&#8220;on|phone&#8220;]<\/p>\n<p>&nbsp;<\/p>\n<p>[\/et_pb_divider][\/et_pb_column][\/et_pb_row][\/et_pb_section]<\/p>\n","protected":false},"excerpt":{"rendered":"<p>N\u00e1zev z\u00e1vod\u016f: Fin\u00e1le NDP \u010cJF &#8211; senio\u0159i N\u00e1rodn\u00ed drezurn\u00ed poh\u00e1r \u010cJF (CDN-NDP) drezura 2018 M\u00edsto kon\u00e1n\u00ed: MARTINICE Datum kon\u00e1n\u00ed: 1.9.- 2.9.2018 &nbsp; &nbsp; Po lit\u00e9m boji a nemysl\u00edm t\u00edm zrovna sv\u00e9 soupe\u0159e, jsem vyhr\u00e1la N\u00e1rodn\u00ed drezurn\u00ed poh\u00e1r \u010cJF v Martinic\u00edch, v tzv.\u00a0 st\u0159edn\u00ed rund\u011b.\u00a0 &nbsp; &nbsp; N\u00e1zev z\u00e1vod\u016f: M\u010cR drezura 2018 M\u00edsto kon\u00e1n\u00ed: Kr\u00e1lovick\u00fd Dv\u016fr [&hellip;]<\/p>\n","protected":false},"author":1,"featured_media":0,"parent":0,"menu_order":0,"comment_status":"closed","ping_status":"closed","template":"","meta":{"_et_pb_use_builder":"on","_et_pb_old_content":"","_et_gb_content_width":"","footnotes":""},"class_list":["post-991","page","type-page","status-publish","hentry"],"yoast_head":"<!-- This site is optimized with the Yoast SEO plugin v27.4 - https:\/\/yoast.com\/product\/yoast-seo-wordpress\/ -->\n<title>2018 - Ad\u00e9la Neumannov\u00e1<\/title>\n<meta name=\"robots\" content=\"index, follow, max-snippet:-1, max-image-preview:large, max-video-preview:-1\" \/>\n<link rel=\"canonical\" href=\"https:\/\/www.adelaneumannova.cz\/index.php\/2018-3\/\" \/>\n<meta property=\"og:locale\" content=\"cs_CZ\" \/>\n<meta property=\"og:type\" content=\"article\" \/>\n<meta property=\"og:title\" content=\"2018 - Ad\u00e9la Neumannov\u00e1\" \/>\n<meta property=\"og:description\" content=\"N\u00e1zev z\u00e1vod\u016f: Fin\u00e1le NDP \u010cJF - senio\u0159i N\u00e1rodn\u00ed drezurn\u00ed poh\u00e1r \u010cJF (CDN-NDP) drezura 2018 M\u00edsto kon\u00e1n\u00ed: MARTINICE Datum kon\u00e1n\u00ed: 1.9.- 2.9.2018 &nbsp; &nbsp; Po lit\u00e9m boji a nemysl\u00edm t\u00edm zrovna sv\u00e9 soupe\u0159e, jsem vyhr\u00e1la N\u00e1rodn\u00ed drezurn\u00ed poh\u00e1r \u010cJF v Martinic\u00edch, v tzv.\u00a0 st\u0159edn\u00ed rund\u011b.\u00a0 &nbsp; &nbsp; N\u00e1zev z\u00e1vod\u016f: M\u010cR drezura 2018 M\u00edsto kon\u00e1n\u00ed: Kr\u00e1lovick\u00fd Dv\u016fr [&hellip;]\" \/>\n<meta property=\"og:url\" content=\"https:\/\/www.adelaneumannova.cz\/index.php\/2018-3\/\" \/>\n<meta property=\"og:site_name\" content=\"Ad\u00e9la Neumannov\u00e1\" \/>\n<meta property=\"article:modified_time\" content=\"2018-09-03T08:05:05+00:00\" \/>\n<meta name=\"twitter:card\" content=\"summary_large_image\" \/>\n<meta name=\"twitter:label1\" content=\"Odhadovan\u00e1 doba \u010dten\u00ed\" \/>\n\t<meta name=\"twitter:data1\" content=\"6 minut\" \/>\n<script type=\"application\/ld+json\" class=\"yoast-schema-graph\">{\"@context\":\"https:\\\/\\\/schema.org\",\"@graph\":[{\"@type\":\"WebPage\",\"@id\":\"https:\\\/\\\/www.adelaneumannova.cz\\\/index.php\\\/2018-3\\\/\",\"url\":\"https:\\\/\\\/www.adelaneumannova.cz\\\/index.php\\\/2018-3\\\/\",\"name\":\"2018 - Ad\u00e9la Neumannov\u00e1\",\"isPartOf\":{\"@id\":\"https:\\\/\\\/www.adelaneumannova.cz\\\/#website\"},\"datePublished\":\"2018-03-03T21:21:05+00:00\",\"dateModified\":\"2018-09-03T08:05:05+00:00\",\"breadcrumb\":{\"@id\":\"https:\\\/\\\/www.adelaneumannova.cz\\\/index.php\\\/2018-3\\\/#breadcrumb\"},\"inLanguage\":\"cs\",\"potentialAction\":[{\"@type\":\"ReadAction\",\"target\":[\"https:\\\/\\\/www.adelaneumannova.cz\\\/index.php\\\/2018-3\\\/\"]}]},{\"@type\":\"BreadcrumbList\",\"@id\":\"https:\\\/\\\/www.adelaneumannova.cz\\\/index.php\\\/2018-3\\\/#breadcrumb\",\"itemListElement\":[{\"@type\":\"ListItem\",\"position\":1,\"name\":\"Dom\u016f\",\"item\":\"https:\\\/\\\/www.adelaneumannova.cz\\\/\"},{\"@type\":\"ListItem\",\"position\":2,\"name\":\"2018\"}]},{\"@type\":\"WebSite\",\"@id\":\"https:\\\/\\\/www.adelaneumannova.cz\\\/#website\",\"url\":\"https:\\\/\\\/www.adelaneumannova.cz\\\/\",\"name\":\"Ad\u00e9la Neumannov\u00e1\",\"description\":\"Drez\u00fara\",\"potentialAction\":[{\"@type\":\"SearchAction\",\"target\":{\"@type\":\"EntryPoint\",\"urlTemplate\":\"https:\\\/\\\/www.adelaneumannova.cz\\\/?s={search_term_string}\"},\"query-input\":{\"@type\":\"PropertyValueSpecification\",\"valueRequired\":true,\"valueName\":\"search_term_string\"}}],\"inLanguage\":\"cs\"}]}<\/script>\n<!-- \/ Yoast SEO plugin. -->","yoast_head_json":{"title":"2018 - Ad\u00e9la Neumannov\u00e1","robots":{"index":"index","follow":"follow","max-snippet":"max-snippet:-1","max-image-preview":"max-image-preview:large","max-video-preview":"max-video-preview:-1"},"canonical":"https:\/\/www.adelaneumannova.cz\/index.php\/2018-3\/","og_locale":"cs_CZ","og_type":"article","og_title":"2018 - Ad\u00e9la Neumannov\u00e1","og_description":"N\u00e1zev z\u00e1vod\u016f: Fin\u00e1le NDP \u010cJF - senio\u0159i N\u00e1rodn\u00ed drezurn\u00ed poh\u00e1r \u010cJF (CDN-NDP) drezura 2018 M\u00edsto kon\u00e1n\u00ed: MARTINICE Datum kon\u00e1n\u00ed: 1.9.- 2.9.2018 &nbsp; &nbsp; Po lit\u00e9m boji a nemysl\u00edm t\u00edm zrovna sv\u00e9 soupe\u0159e, jsem vyhr\u00e1la N\u00e1rodn\u00ed drezurn\u00ed poh\u00e1r \u010cJF v Martinic\u00edch, v tzv.\u00a0 st\u0159edn\u00ed rund\u011b.\u00a0 &nbsp; &nbsp; N\u00e1zev z\u00e1vod\u016f: M\u010cR drezura 2018 M\u00edsto kon\u00e1n\u00ed: Kr\u00e1lovick\u00fd Dv\u016fr [&hellip;]","og_url":"https:\/\/www.adelaneumannova.cz\/index.php\/2018-3\/","og_site_name":"Ad\u00e9la Neumannov\u00e1","article_modified_time":"2018-09-03T08:05:05+00:00","twitter_card":"summary_large_image","twitter_misc":{"Odhadovan\u00e1 doba \u010dten\u00ed":"6 minut"},"schema":{"@context":"https:\/\/schema.org","@graph":[{"@type":"WebPage","@id":"https:\/\/www.adelaneumannova.cz\/index.php\/2018-3\/","url":"https:\/\/www.adelaneumannova.cz\/index.php\/2018-3\/","name":"2018 - Ad\u00e9la Neumannov\u00e1","isPartOf":{"@id":"https:\/\/www.adelaneumannova.cz\/#website"},"datePublished":"2018-03-03T21:21:05+00:00","dateModified":"2018-09-03T08:05:05+00:00","breadcrumb":{"@id":"https:\/\/www.adelaneumannova.cz\/index.php\/2018-3\/#breadcrumb"},"inLanguage":"cs","potentialAction":[{"@type":"ReadAction","target":["https:\/\/www.adelaneumannova.cz\/index.php\/2018-3\/"]}]},{"@type":"BreadcrumbList","@id":"https:\/\/www.adelaneumannova.cz\/index.php\/2018-3\/#breadcrumb","itemListElement":[{"@type":"ListItem","position":1,"name":"Dom\u016f","item":"https:\/\/www.adelaneumannova.cz\/"},{"@type":"ListItem","position":2,"name":"2018"}]},{"@type":"WebSite","@id":"https:\/\/www.adelaneumannova.cz\/#website","url":"https:\/\/www.adelaneumannova.cz\/","name":"Ad\u00e9la Neumannov\u00e1","description":"Drez\u00fara","potentialAction":[{"@type":"SearchAction","target":{"@type":"EntryPoint","urlTemplate":"https:\/\/www.adelaneumannova.cz\/?s={search_term_string}"},"query-input":{"@type":"PropertyValueSpecification","valueRequired":true,"valueName":"search_term_string"}}],"inLanguage":"cs"}]}},"_links":{"self":[{"href":"https:\/\/www.adelaneumannova.cz\/index.php\/wp-json\/wp\/v2\/pages\/991","targetHints":{"allow":["GET"]}}],"collection":[{"href":"https:\/\/www.adelaneumannova.cz\/index.php\/wp-json\/wp\/v2\/pages"}],"about":[{"href":"https:\/\/www.adelaneumannova.cz\/index.php\/wp-json\/wp\/v2\/types\/page"}],"author":[{"embeddable":true,"href":"https:\/\/www.adelaneumannova.cz\/index.php\/wp-json\/wp\/v2\/users\/1"}],"replies":[{"embeddable":true,"href":"https:\/\/www.adelaneumannova.cz\/index.php\/wp-json\/wp\/v2\/comments?post=991"}],"version-history":[{"count":68,"href":"https:\/\/www.adelaneumannova.cz\/index.php\/wp-json\/wp\/v2\/pages\/991\/revisions"}],"predecessor-version":[{"id":1809,"href":"https:\/\/www.adelaneumannova.cz\/index.php\/wp-json\/wp\/v2\/pages\/991\/revisions\/1809"}],"wp:attachment":[{"href":"https:\/\/www.adelaneumannova.cz\/index.php\/wp-json\/wp\/v2\/media?parent=991"}],"curies":[{"name":"wp","href":"https:\/\/api.w.org\/{rel}","templated":true}]}}